{"id":882,"date":"2024-06-15T07:43:30","date_gmt":"2024-06-15T07:43:30","guid":{"rendered":"https:\/\/mh4hrm.eu\/activities\/"},"modified":"2025-10-17T13:53:27","modified_gmt":"2025-10-17T13:53:27","slug":"activities","status":"publish","type":"page","link":"https:\/\/mh4hrm.eu\/pt-pt\/activities\/","title":{"rendered":"Atividades"},"content":{"rendered":"<!--themify_builder_content-->\n<div id=\"themify_builder_content-882\" data-postid=\"882\" class=\"themify_builder_content themify_builder_content-882 themify_builder tf_clear\">\n                    <div  data-lazy=\"1\" class=\"module_row themify_builder_row tb_2ned7 tb_first tf_w\">\n                        <div class=\"row_inner col_align_top tb_col_count_1 tf_box tf_rel\">\n                        <div  data-lazy=\"1\" class=\"module_column tb-column col-full tb_0md67 first\">\n                    <!-- module fancy heading -->\n<div  class=\"module module-fancy-heading tb_raen666  inline-fancy-heading tb_hide_divider\" data-lazy=\"1\">\n        <h1 class=\"fancy-heading tf_textc\">\n    <span class=\"main-head tf_inline_b\">\n                    ATIVIDADES            <\/span>\n\n    \n    <span class=\"sub-head tf_inline_b tf_rel\">\n                                <\/span>\n    <\/h1>\n<\/div>\n<!-- \/module fancy heading -->\n<!-- module divider -->\n<div  class=\"module tf_mw module-divider tb_eigy610 solid   \" style=\"border-width: 1px;border-color: #000;margin-top: -10px;\" data-lazy=\"1\">\n    <\/div>\n<!-- \/module divider -->\n<!-- module text -->\n<div  class=\"module module-text tb_25dx449   \" data-lazy=\"1\">\n        <div  class=\"tb_text_wrap\">\n        <p>O projeto MH4HRM executar\u00e1 uma s\u00e9rie de actividades destinadas a melhorar a compreens\u00e3o e a gest\u00e3o da sa\u00fade mental no local de trabalho.<\/p>    <\/div>\n<\/div>\n<!-- \/module text -->        <div  data-lazy=\"1\" class=\"module_subrow themify_builder_sub_row tf_w col_align_top tb_col_count_4 tb_3d9x201\">\n                <div  data-lazy=\"1\" class=\"module_column sub_column col4-1 tb_em2q201 first\">\n                    <!-- module text -->\n<div  class=\"module module-text tb_rakd462   \" data-lazy=\"1\">\n        <div  class=\"tb_text_wrap\">\n        <p style=\"text-align: center;\">Identificaremos e avaliaremos os principais factores, ferramentas e melhores pr\u00e1ticas essenciais para compreender e abordar as quest\u00f5es de sa\u00fade mental no trabalho.<\/p>    <\/div>\n<\/div>\n<!-- \/module text -->        <\/div>\n                    <div  data-lazy=\"1\" class=\"module_column sub_column col4-1 tb_our8202\">\n                    <!-- module text -->\n<div  class=\"module module-text tb_qja9435   \" data-lazy=\"1\">\n        <div  class=\"tb_text_wrap\">\n        <p style=\"text-align: center;\">Procederemos a uma an\u00e1lise aprofundada das compet\u00eancias t\u00e9cnicas e interpessoais essenciais para que os profissionais de RH possam gerir eficazmente a sa\u00fade mental.<\/p>    <\/div>\n<\/div>\n<!-- \/module text -->        <\/div>\n                    <div  data-lazy=\"1\" class=\"module_column sub_column col4-1 tb_u7d0202\">\n                    <!-- module text -->\n<div  class=\"module module-text tb_6osh363   \" data-lazy=\"1\">\n        <div  class=\"tb_text_wrap\">\n        <p style=\"text-align: center;\">Vamos iniciar o desenvolvimento de uma aplica\u00e7\u00e3o web e m\u00f3vel de f\u00e1cil utiliza\u00e7\u00e3o para facilitar experi\u00eancias de aprendizagem sem descontinuidades.<\/p>    <\/div>\n<\/div>\n<!-- \/module text -->        <\/div>\n                    <div  data-lazy=\"1\" class=\"module_column sub_column col4-1 tb_ji8p202 last\">\n                    <!-- module text -->\n<div  class=\"module module-text tb_uqgv743   \" data-lazy=\"1\">\n        <div  class=\"tb_text_wrap\">\n        <p style=\"text-align: center;\">Desenvolveremos um programa abrangente de e-learning especificamente concebido para profissionais de RH, com 60 horas de conte\u00fados pr\u00e1ticos, estudos de casos reais e materiais audiovisuais digitais.<\/p>    <\/div>\n<\/div>\n<!-- \/module text -->        <\/div>\n                    <\/div>\n                <\/div>\n                        <\/div>\n        <\/div>\n                        <div  data-lazy=\"1\" class=\"module_row themify_builder_row tb_32dn660 tf_w\">\n                        <div class=\"row_inner col_align_top tb_col_count_1 tf_box tf_rel\">\n                        <div  data-lazy=\"1\" class=\"module_column tb-column col-full tb_vh78660 first\">\n                    <!-- module fancy heading -->\n<div  class=\"module module-fancy-heading tb_niac10  inline-fancy-heading tb_hide_divider\" data-lazy=\"1\">\n        <h1 class=\"fancy-heading tf_textc\">\n    <span class=\"main-head tf_inline_b\">\n                    RESULTADOS            <\/span>\n\n    \n    <span class=\"sub-head tf_inline_b tf_rel\">\n                                <\/span>\n    <\/h1>\n<\/div>\n<!-- \/module fancy heading -->\n<!-- module divider -->\n<div  class=\"module tf_mw module-divider tb_rcu8982 solid   \" style=\"border-width: 1px;border-color: #000;margin-top: -10px;\" data-lazy=\"1\">\n    <\/div>\n<!-- \/module divider -->\n        <div  data-lazy=\"1\" class=\"module_subrow themify_builder_sub_row tf_w col_align_top tb_col_count_2 tb_aev7556\">\n                <div  data-lazy=\"1\" class=\"module_column sub_column col4-2 tb_qxkm557 first\">\n                    <!-- module text -->\n<div  class=\"module module-text tb_r3e0216   \" data-lazy=\"1\">\n        <div  class=\"tb_text_wrap\">\n        <p style=\"text-align: center;\">Programa de forma\u00e7\u00e3o de 60 horas espec\u00edfico para a gest\u00e3o da sa\u00fade mental nas organiza\u00e7\u00f5es.<\/p>    <\/div>\n<\/div>\n<!-- \/module text -->        <\/div>\n                    <div  data-lazy=\"1\" class=\"module_column sub_column col4-2 tb_qkh8557 last\">\n                    <!-- module text -->\n<div  class=\"module module-text tb_a88c447   \" data-lazy=\"1\">\n        <div  class=\"tb_text_wrap\">\n        <p>Um programa de forma\u00e7\u00e3o abrangente \u00e9 meticulosamente concebido para fornecer aos profissionais de RH os conhecimentos, as ferramentas e as compet\u00eancias necess\u00e1rias para a implementa\u00e7\u00e3o de uma abordagem integrada da gest\u00e3o da sa\u00fade mental no local de trabalho, assegurando a sua aptid\u00e3o para pr\u00e1ticas de gest\u00e3o bem sucedidas.<\/p>    <\/div>\n<\/div>\n<!-- \/module text -->        <\/div>\n                    <\/div>\n                <div  data-lazy=\"1\" class=\"module_subrow themify_builder_sub_row tf_w col_align_top tb_col_count_2 tb_na1e84\">\n                <div  data-lazy=\"1\" class=\"module_column sub_column col4-2 tb_mr7084 first\">\n                    <!-- module text -->\n<div  class=\"module module-text tb_0msb84   \" data-lazy=\"1\">\n        <div  class=\"tb_text_wrap\">\n        <p style=\"text-align: center;\">Plataforma Web e cursos de e-learning espec\u00edficos para gestores de RH.<\/p>    <\/div>\n<\/div>\n<!-- \/module text -->        <\/div>\n                    <div  data-lazy=\"1\" class=\"module_column sub_column col4-2 tb_pois84 last\">\n                    <!-- module text -->\n<div  class=\"module module-text tb_jtue84   \" data-lazy=\"1\">\n        <div  class=\"tb_text_wrap\">\n        <p>Uma plataforma de ponta, de f\u00e1cil utiliza\u00e7\u00e3o, complementada por uma interface web\/aplica\u00e7\u00e3o m\u00f3vel, para garantir a acessibilidade e a divulga\u00e7\u00e3o eficaz de todos os resultados do projeto. Esta plataforma serve de reposit\u00f3rio central para alojar os conte\u00fados digitais, podcasts e v\u00eddeos de microaprendizagem gerados ao longo das v\u00e1rias fases do nosso projeto. Al\u00e9m disso, o desenvolvimento de um espa\u00e7o de rede em linha entre especialistas em sa\u00fade mental e gestores enriquece ainda mais a utilidade da plataforma.<\/p>    <\/div>\n<\/div>\n<!-- \/module text --><!-- module buttons -->\n<div  class=\"module module-buttons tb_3wkm300 buttons-horizontal solid  large circle\" data-lazy=\"1\">\n        <div class=\"module-buttons-item tf_in_flx\">\n                        <a href=\"https:\/\/learn.mh4hrm.eu\/\" class=\"ui builder_button tf_in_flx black\" target=\"_blank\" rel=\"noopener\">\n                                                Visite a plataforma                                        <\/a>\n                <\/div>\n            <\/div>\n<!-- \/module buttons -->\n        <\/div>\n                    <\/div>\n                <div  data-lazy=\"1\" class=\"module_subrow themify_builder_sub_row tf_w col_align_top tb_col_count_2 tb_483b294\">\n                <div  data-lazy=\"1\" class=\"module_column sub_column col4-2 tb_b3o0294 first\">\n                    <!-- module text -->\n<div  class=\"module module-text tb_zr03294   \" data-lazy=\"1\">\n        <div  class=\"tb_text_wrap\">\n        <p style=\"text-align: center;\">Conjunto de ferramentas que inclui v\u00eddeos de microaprendizagem, podcasts e aplica\u00e7\u00f5es Web\/Telem\u00f3vel para cuidados de sa\u00fade mental no trabalho.<\/p>    <\/div>\n<\/div>\n<!-- \/module text -->        <\/div>\n                    <div  data-lazy=\"1\" class=\"module_column sub_column col4-2 tb_lbkh294 last\">\n                    <!-- module text -->\n<div  class=\"module module-text tb_q90k294   \" data-lazy=\"1\">\n        <div  class=\"tb_text_wrap\">\n        <p>O MH4HRM est\u00e1 a liderar a inova\u00e7\u00e3o com a introdu\u00e7\u00e3o de conte\u00fados digitais din\u00e2micos fornecidos atrav\u00e9s de v\u00e1rios meios. Uma dessas inova\u00e7\u00f5es \u00e9 a cria\u00e7\u00e3o de podcasts, que oferecem discuss\u00f5es perspicazes num formato \u00e1udio. Estes podcasts, dispon\u00edveis para transfer\u00eancia ou transmiss\u00e3o no site do projeto ou em qualquer plataforma de podcasting, proporcionam aos utilizadores uma via conveniente para acederem a informa\u00e7\u00f5es e orienta\u00e7\u00f5es valiosas sobre temas de sa\u00fade mental. Complementando esta iniciativa, existem v\u00eddeos de microaprendizagem, cada um com uma dura\u00e7\u00e3o de 3 a 5 minutos, que abrangem diversos temas, desde a gest\u00e3o do stress a t\u00e9cnicas de autocuidado, como a aten\u00e7\u00e3o plena. Estes v\u00eddeos de tamanho reduzido foram concebidos para um consumo r\u00e1pido, o que os torna ideais para profissionais ocupados que procuram dicas pr\u00e1ticas para melhorar o bem-estar mental. Al\u00e9m disso, o projeto visa desenvolver uma aplica\u00e7\u00e3o m\u00f3vel equipada com programas de orienta\u00e7\u00e3o concebidos para promover a sa\u00fade mental e o bem-estar dos trabalhadores. Esta aplica\u00e7\u00e3o funciona como um centro de recursos abrangente, oferecendo apoio e orienta\u00e7\u00e3o aos utilizadores no seu caminho para melhorar o bem-estar mental.<\/p>    <\/div>\n<\/div>\n<!-- \/module text -->        <div  data-lazy=\"1\" class=\"module_subrow themify_builder_sub_row tf_w col_align_top tb_col_count_2 tb_86zb187\">\n                <div  data-lazy=\"1\" class=\"module_column sub_column col4-2 tb_g1ew187 first\">\n                    <!-- module image -->\n<div  class=\"module module-image tb_ojor187 image-top   tf_mw\" data-lazy=\"1\">\n        <div class=\"image-wrap tf_rel tf_mw\">\n            <a href=\"https:\/\/play.google.com\/store\/apps\/details?id=com.moodle.moodlemobile&#038;hl=EN\">\n                   <img decoding=\"async\" src=\"https:\/\/mh4hrm.eu\/wp-content\/uploads\/2025\/10\/png-transparent-google-play-logo-203x60.png\" height=\"60\" class=\"wp-post-image wp-image-2740\" title=\"png-transparent-google-play-logo\" alt=\"png-transparent-google-play-logo\">        <\/a>\n    \n        <\/div>\n    <!-- \/image-wrap -->\n    \n        <\/div>\n<!-- \/module image -->        <\/div>\n                    <div  data-lazy=\"1\" class=\"module_column sub_column col4-2 tb_9z6w187 last\">\n                    <!-- module image -->\n<div  class=\"module module-image tb_soml187 image-top   tf_mw\" data-lazy=\"1\">\n        <div class=\"image-wrap tf_rel tf_mw\">\n            <a href=\"https:\/\/apps.apple.com\/us\/app\/moodle\/id633359593\">\n                   <img decoding=\"async\" src=\"https:\/\/mh4hrm.eu\/wp-content\/uploads\/2025\/10\/Available_on_the_App_Store-202x60.png\" height=\"60\" class=\"wp-post-image wp-image-2732\" title=\"Available_on_the_App_Store\" alt=\"Available_on_the_App_Store\">        <\/a>\n    \n        <\/div>\n    <!-- \/image-wrap -->\n    \n        <\/div>\n<!-- \/module image -->        <\/div>\n                    <\/div>\n                <\/div>\n                    <\/div>\n                <\/div>\n                        <\/div>\n        <\/div>\n        <\/div>\n<!--\/themify_builder_content-->","protected":false},"excerpt":{"rendered":"<p>O projeto MH4HRM executar\u00e1 uma s\u00e9rie de actividades destinadas a melhorar a compreens\u00e3o e a gest\u00e3o da sa\u00fade mental no local de trabalho.<\/p>\n","protected":false},"author":1,"featured_media":0,"parent":0,"menu_order":0,"comment_status":"closed","ping_status":"closed","template":"","meta":{"footnotes":""},"class_list":["post-882","page","type-page","status-publish","hentry","has-post-title","has-post-date","has-post-category","has-post-tag","has-post-comment","has-post-author",""],"builder_content":"<h1>ATIVIDADES<br\/><\/h1>\n\n<p>O projeto MH4HRM executar\u00e1 uma s\u00e9rie de actividades destinadas a melhorar a compreens\u00e3o e a gest\u00e3o da sa\u00fade mental no local de trabalho.<\/p>\n<p style=\"text-align: center;\">Identificaremos e avaliaremos os principais factores, ferramentas e melhores pr\u00e1ticas essenciais para compreender e abordar as quest\u00f5es de sa\u00fade mental no trabalho.<\/p>\n<p style=\"text-align: center;\">Procederemos a uma an\u00e1lise aprofundada das compet\u00eancias t\u00e9cnicas e interpessoais essenciais para que os profissionais de RH possam gerir eficazmente a sa\u00fade mental.<\/p>\n<p style=\"text-align: center;\">Vamos iniciar o desenvolvimento de uma aplica\u00e7\u00e3o web e m\u00f3vel de f\u00e1cil utiliza\u00e7\u00e3o para facilitar experi\u00eancias de aprendizagem sem descontinuidades.<\/p>\n<p style=\"text-align: center;\">Desenvolveremos um programa abrangente de e-learning especificamente concebido para profissionais de RH, com 60 horas de conte\u00fados pr\u00e1ticos, estudos de casos reais e materiais audiovisuais digitais.<\/p>\n<h1>RESULTADOS<br\/><\/h1>\n\n<p style=\"text-align: center;\">Programa de forma\u00e7\u00e3o de 60 horas espec\u00edfico para a gest\u00e3o da sa\u00fade mental nas organiza\u00e7\u00f5es.<\/p>\n<p>Um programa de forma\u00e7\u00e3o abrangente \u00e9 meticulosamente concebido para fornecer aos profissionais de RH os conhecimentos, as ferramentas e as compet\u00eancias necess\u00e1rias para a implementa\u00e7\u00e3o de uma abordagem integrada da gest\u00e3o da sa\u00fade mental no local de trabalho, assegurando a sua aptid\u00e3o para pr\u00e1ticas de gest\u00e3o bem sucedidas.<\/p>\n<p style=\"text-align: center;\">Plataforma Web e cursos de e-learning espec\u00edficos para gestores de RH.<\/p>\n<p>Uma plataforma de ponta, de f\u00e1cil utiliza\u00e7\u00e3o, complementada por uma interface web\/aplica\u00e7\u00e3o m\u00f3vel, para garantir a acessibilidade e a divulga\u00e7\u00e3o eficaz de todos os resultados do projeto. Esta plataforma serve de reposit\u00f3rio central para alojar os conte\u00fados digitais, podcasts e v\u00eddeos de microaprendizagem gerados ao longo das v\u00e1rias fases do nosso projeto. Al\u00e9m disso, o desenvolvimento de um espa\u00e7o de rede em linha entre especialistas em sa\u00fade mental e gestores enriquece ainda mais a utilidade da plataforma.<\/p>\n<a href=\"https:\/\/learn.mh4hrm.eu\/\" target=\"_blank\" rel=\"noopener\"> Visite a plataforma <\/a>\n<p style=\"text-align: center;\">Conjunto de ferramentas que inclui v\u00eddeos de microaprendizagem, podcasts e aplica\u00e7\u00f5es Web\/Telem\u00f3vel para cuidados de sa\u00fade mental no trabalho.<\/p>\n<p>O MH4HRM est\u00e1 a liderar a inova\u00e7\u00e3o com a introdu\u00e7\u00e3o de conte\u00fados digitais din\u00e2micos fornecidos atrav\u00e9s de v\u00e1rios meios. Uma dessas inova\u00e7\u00f5es \u00e9 a cria\u00e7\u00e3o de podcasts, que oferecem discuss\u00f5es perspicazes num formato \u00e1udio. Estes podcasts, dispon\u00edveis para transfer\u00eancia ou transmiss\u00e3o no site do projeto ou em qualquer plataforma de podcasting, proporcionam aos utilizadores uma via conveniente para acederem a informa\u00e7\u00f5es e orienta\u00e7\u00f5es valiosas sobre temas de sa\u00fade mental. Complementando esta iniciativa, existem v\u00eddeos de microaprendizagem, cada um com uma dura\u00e7\u00e3o de 3 a 5 minutos, que abrangem diversos temas, desde a gest\u00e3o do stress a t\u00e9cnicas de autocuidado, como a aten\u00e7\u00e3o plena. Estes v\u00eddeos de tamanho reduzido foram concebidos para um consumo r\u00e1pido, o que os torna ideais para profissionais ocupados que procuram dicas pr\u00e1ticas para melhorar o bem-estar mental. Al\u00e9m disso, o projeto visa desenvolver uma aplica\u00e7\u00e3o m\u00f3vel equipada com programas de orienta\u00e7\u00e3o concebidos para promover a sa\u00fade mental e o bem-estar dos trabalhadores. Esta aplica\u00e7\u00e3o funciona como um centro de recursos abrangente, oferecendo apoio e orienta\u00e7\u00e3o aos utilizadores no seu caminho para melhorar o bem-estar mental.<\/p>\n<a href=\"https:\/\/play.google.com\/store\/apps\/details?id=com.moodle.moodlemobile&#038;hl=EN\"> <img src=\"https:\/\/mh4hrm.eu\/wp-content\/uploads\/2025\/10\/png-transparent-google-play-logo-203x60.png\" height=\"60\" title=\"png-transparent-google-play-logo\" alt=\"png-transparent-google-play-logo\"> <\/a>\n<a href=\"https:\/\/apps.apple.com\/us\/app\/moodle\/id633359593\"> <img src=\"https:\/\/mh4hrm.eu\/wp-content\/uploads\/2025\/10\/Available_on_the_App_Store-202x60.png\" height=\"60\" title=\"Available_on_the_App_Store\" alt=\"Available_on_the_App_Store\"> <\/a>","_links":{"self":[{"href":"https:\/\/mh4hrm.eu\/pt-pt\/wp-json\/wp\/v2\/pages\/882"}],"collection":[{"href":"https:\/\/mh4hrm.eu\/pt-pt\/wp-json\/wp\/v2\/pages"}],"about":[{"href":"https:\/\/mh4hrm.eu\/pt-pt\/wp-json\/wp\/v2\/types\/page"}],"author":[{"embeddable":true,"href":"https:\/\/mh4hrm.eu\/pt-pt\/wp-json\/wp\/v2\/users\/1"}],"replies":[{"embeddable":true,"href":"https:\/\/mh4hrm.eu\/pt-pt\/wp-json\/wp\/v2\/comments?post=882"}],"version-history":[{"count":11,"href":"https:\/\/mh4hrm.eu\/pt-pt\/wp-json\/wp\/v2\/pages\/882\/revisions"}],"predecessor-version":[{"id":2757,"href":"https:\/\/mh4hrm.eu\/pt-pt\/wp-json\/wp\/v2\/pages\/882\/revisions\/2757"}],"wp:attachment":[{"href":"https:\/\/mh4hrm.eu\/pt-pt\/wp-json\/wp\/v2\/media?parent=882"}],"curies":[{"name":"wp","href":"https:\/\/api.w.org\/{rel}","templated":true}]}}