{"id":832,"date":"2024-06-14T14:30:20","date_gmt":"2024-06-14T14:30:20","guid":{"rendered":"https:\/\/mh4hrm.eu\/about-us\/"},"modified":"2025-08-22T06:42:33","modified_gmt":"2025-08-22T06:42:33","slug":"about-us","status":"publish","type":"page","link":"https:\/\/mh4hrm.eu\/pt-pt\/about-us\/","title":{"rendered":"Sobre n\u00f3s"},"content":{"rendered":"<!--themify_builder_content-->\n<div id=\"themify_builder_content-832\" data-postid=\"832\" class=\"themify_builder_content themify_builder_content-832 themify_builder tf_clear\">\n                    <div  data-lazy=\"1\" class=\"module_row themify_builder_row tb_bp57155 tb_first tf_w\">\n                        <div class=\"row_inner col_align_top tb_col_count_1 tf_box tf_rel\">\n                        <div  data-lazy=\"1\" class=\"module_column tb-column col-full tb_nfq6156 first\">\n                    <!-- module fancy heading -->\n<div  class=\"module module-fancy-heading tb_5z9o291  tb_hide_divider\" data-lazy=\"1\">\n        <h1 class=\"fancy-heading tf_textc\">\n    <span class=\"main-head tf_block\">\n                    SOBRE N\u00d3S\t            <\/span>\n\n    \n    <span class=\"sub-head tf_block tf_rel\">\n                                <\/span>\n    <\/h1>\n<\/div>\n<!-- \/module fancy heading -->\n<!-- module divider -->\n<div  class=\"module tf_mw module-divider tb_57dq880 solid   \" style=\"border-width: 1px;border-color: #ffffff;\" data-lazy=\"1\">\n    <\/div>\n<!-- \/module divider -->\n<!-- module text -->\n<div  class=\"module module-text tb_6u8349   \" data-lazy=\"1\">\n        <div  class=\"tb_text_wrap\">\n        <p style=\"text-align: center;\">Na MH4HRM, dedicamo-nos a promover o bem-estar dos trabalhadores, capacitando os profissionais de RH com as compet\u00eancias necess\u00e1rias, as ferramentas tecnol\u00f3gicas e os conhecimentos essenciais para gerir eficazmente as quest\u00f5es de sa\u00fade mental em ambientes empresariais europeus.<\/p>    <\/div>\n<\/div>\n<!-- \/module text -->        <\/div>\n                        <\/div>\n        <\/div>\n                        <div  data-lazy=\"1\" class=\"module_row themify_builder_row tb_9ryt794 tf_w\">\n                        <div class=\"row_inner col_align_top tb_col_count_1 tf_box tf_rel\">\n                        <div  data-lazy=\"1\" class=\"module_column tb-column col-full tb_e2hx794 first\">\n                    <!-- module fancy heading -->\n<div  class=\"module module-fancy-heading tb_yedz350  inline-fancy-heading tb_hide_divider\" data-lazy=\"1\">\n        <h1 class=\"fancy-heading\">\n    <span class=\"main-head tf_inline_b\">\n                    01            <\/span>\n\n    \n    <span class=\"sub-head tf_inline_b tf_rel\">\n                    -QUAL \u00c9 A NOSSA MISS\u00c3O?            <\/span>\n    <\/h1>\n<\/div>\n<!-- \/module fancy heading -->\n<!-- module divider -->\n<div  class=\"module tf_mw module-divider tb_grh6574 solid   \" style=\"border-width: 1px;border-color: #000;margin-top: -15px;\" data-lazy=\"1\">\n    <\/div>\n<!-- \/module divider -->\n<!-- module text -->\n<div  class=\"module module-text tb_6fww527   \" data-lazy=\"1\">\n        <div  class=\"tb_text_wrap\">\n        <p>O MH4HMR visa promover o bem-estar dos funcion\u00e1rios atrav\u00e9s da forma\u00e7\u00e3o de profissionais de Recursos Humanos, proporcionando-lhes compet\u00eancias essenciais, ferramentas tecnol\u00f3gicas e conhecimentos para gerir quest\u00f5es de sa\u00fade mental em ambientes empresariais europeus. Como? Atrav\u00e9s da (1) identifica\u00e7\u00e3o e compara\u00e7\u00e3o de fatores-chave, ferramentas e melhores pr\u00e1ticas para compreender e gerir a sa\u00fade mental no trabalho (2) an\u00e1lise das compet\u00eancias t\u00e9cnicas e interpessoais essenciais a incorporar na aprendizagem dos profissionais de RH em mat\u00e9ria de sa\u00fade mental (3) desenvolvimento do Programa de e-learning para RH de 60 horas, com conte\u00fados pr\u00e1ticos e casos reais e material audiovisual digital e desenvolvimento de aplica\u00e7\u00f5es Web\/Mobile para uma aprendizagem melhor e mais f\u00e1cil.<\/p>    <\/div>\n<\/div>\n<!-- \/module text -->        <\/div>\n                        <\/div>\n        <\/div>\n                        <div  data-lazy=\"1\" class=\"module_row themify_builder_row tb_egpg356 tf_w\">\n                        <div class=\"row_inner col_align_top tb_col_count_1 tf_box tf_rel\">\n                        <div  data-lazy=\"1\" class=\"module_column tb-column col-full tb_bgcu357 first\">\n                    <!-- module fancy heading -->\n<div  class=\"module module-fancy-heading tb_b99t481  inline-fancy-heading tb_hide_divider\" data-lazy=\"1\">\n        <h1 class=\"fancy-heading\">\n    <span class=\"main-head tf_inline_b\">\n                    02            <\/span>\n\n    \n    <span class=\"sub-head tf_inline_b tf_rel\">\n                    -PORQUE \u00c9 QUE O MH4HRM \u00c9 RELEVANTE?            <\/span>\n    <\/h1>\n<\/div>\n<!-- \/module fancy heading -->\n<!-- module divider -->\n<div  class=\"module tf_mw module-divider tb_uwdl173 solid   \" style=\"border-width: 1px;border-color: #000;margin-top: -15px;\" data-lazy=\"1\">\n    <\/div>\n<!-- \/module divider -->\n<!-- module text -->\n<div  class=\"module module-text tb_ozm4656   \" data-lazy=\"1\">\n        <div  class=\"tb_text_wrap\">\n        <p>Durante a pandemia da COVID, a sa\u00fade mental da popula\u00e7\u00e3o foi severamente testada, particularmente no local de trabalho, onde o stress e o risco de depress\u00e3o aumentaram. Esta situa\u00e7\u00e3o suscitou discuss\u00f5es urgentes sobre como lidar com estas quest\u00f5es. O bem-estar hol\u00edstico dos funcion\u00e1rios \u00e9 crucial para o sucesso empresarial, e os profissionais de RH desempenham um papel fundamental na implementa\u00e7\u00e3o de iniciativas corporativas. Eles s\u00e3o respons\u00e1veis por avaliar os riscos psicossociais no trabalho e identificar \u00e1reas para o bem-estar corporativo. A gest\u00e3o desses riscos e do stress relacionado ao trabalho s\u00e3o desafios significativos na sa\u00fade e seguran\u00e7a ocupacional, exigindo forma\u00e7\u00e3o adequada para os gestores de RH. Para abordar essa quest\u00e3o, o MH4HRM, um projeto europeu cofinanciado pelo programa Erasmus+, desenvolver\u00e1 um programa abrangente de forma\u00e7\u00e3o e capacita\u00e7\u00e3o sobre gest\u00e3o da sa\u00fade mental nas empresas. Este programa estar\u00e1 dispon\u00edvel em uma plataforma MOOC aberta e ser\u00e1 criado por parceiros especialistas em psicologia do trabalho e organizacional.<\/p>\n<h2>QUEM PODE BENEFICIAR-SE DO MH4HRM<\/h2>\n<ul>\n<li>Diretores e gerentes de RH<\/li>\n<li>Gerentes de funcion\u00e1rios<\/li>\n<li>Empregadores, representantes dos trabalhadores<\/li>\n<li>Escolas e centros de forma\u00e7\u00e3o profissional para gestores<br>e gestores de recursos humanos<\/li>\n<li>Universidades<\/li>\n<li>Centros de forma\u00e7\u00e3o profissional de terceiro ciclo<\/li>\n<li>Centros p\u00fablicos ou privados especializados em Sa\u00fade Mental,<br>e especialmente aqueles dedicados \u00e0 Sa\u00fade Ocupacional.<br><br><\/li>\n<\/ul>\n<p>Tamb\u00e9m iremos visar associa\u00e7\u00f5es patronais e sindicatos a n\u00edvel regional e nacional em todos os pa\u00edses participantes, bem como ag\u00eancias de desenvolvimento local.<\/p>    <\/div>\n<\/div>\n<!-- \/module text -->        <\/div>\n                        <\/div>\n        <\/div>\n                        <div  data-lazy=\"1\" class=\"module_row themify_builder_row tb_all3435 tf_w\">\n                        <div class=\"row_inner col_align_top tb_col_count_1 tf_box tf_rel\">\n                        <div  data-lazy=\"1\" class=\"module_column tb-column col-full tb_we44435 first\">\n                    <!-- module fancy heading -->\n<div  class=\"module module-fancy-heading tb_koca839  inline-fancy-heading tb_hide_divider\" data-lazy=\"1\">\n        <h1 class=\"fancy-heading\">\n    <span class=\"main-head tf_inline_b\">\n                    03            <\/span>\n\n    \n    <span class=\"sub-head tf_inline_b tf_rel\">\n                    -QUAIS S\u00c3O OS NOSSOS OBJECTIVOS?            <\/span>\n    <\/h1>\n<\/div>\n<!-- \/module fancy heading -->\n<!-- module divider -->\n<div  class=\"module tf_mw module-divider tb_5kxr412 solid   \" style=\"border-width: 1px;border-color: #000;margin-top: -15px;\" data-lazy=\"1\">\n    <\/div>\n<!-- \/module divider -->\n        <div  data-lazy=\"1\" class=\"module_subrow themify_builder_sub_row tf_w col_align_top tb_col_count_2 tb_xnfa704\">\n                <div  data-lazy=\"1\" class=\"module_column sub_column col4-2 tb_rt88704 first\">\n                    <!-- module image -->\n<div  class=\"module module-image tb_oxtv620 image-top   tf_mw\" data-lazy=\"1\">\n        <div class=\"image-wrap tf_rel tf_mw\">\n            <img loading=\"lazy\" decoding=\"async\" width=\"276\" height=\"549\" src=\"https:\/\/mh4hrm.eu\/wp-content\/uploads\/2024\/06\/Frame.png\" class=\"wp-post-image wp-image-604\" title=\"Frame\" alt=\"Frame\" srcset=\"https:\/\/mh4hrm.eu\/wp-content\/uploads\/2024\/06\/Frame.png 276w, https:\/\/mh4hrm.eu\/wp-content\/uploads\/2024\/06\/Frame-151x300.png 151w\" sizes=\"(max-width: 276px) 100vw, 276px\" \/>    \n        <\/div>\n    <!-- \/image-wrap -->\n    \n        <\/div>\n<!-- \/module image -->        <\/div>\n                    <div  data-lazy=\"1\" class=\"module_column sub_column col4-2 tb_tpm4704 last\">\n                    <!-- module text -->\n<div  class=\"module module-text tb_fpns757   \" data-lazy=\"1\">\n        <div  class=\"tb_text_wrap\">\n        <p>Objectivos gerais<\/p>    <\/div>\n<\/div>\n<!-- \/module text --><!-- module text -->\n<div  class=\"module module-text tb_w7ln741   \" data-lazy=\"1\">\n        <div  class=\"tb_text_wrap\">\n        <ol>\n<li>Fornecer os conhecimentos necess\u00e1rios para ultrapassar a falta de compet\u00eancias no dom\u00ednio da sa\u00fade mental.<\/li>\n<li>Compreender as caracter\u00edsticas da doen\u00e7a mental e o seu impacto no trabalho.<\/li>\n<li>Capacitar os profissionais de RH para gerir os problemas de sa\u00fade mental e promover o bem-estar dos trabalhadores.<\/li>\n<\/ol>    <\/div>\n<\/div>\n<!-- \/module text --><!-- module text -->\n<div  class=\"module module-text tb_mjvo74   \" data-lazy=\"1\">\n        <div  class=\"tb_text_wrap\">\n        <p style=\"text-align: left;\">Objectivos espec\u00edficos<\/p>    <\/div>\n<\/div>\n<!-- \/module text --><!-- module text -->\n<div  class=\"module module-text tb_vcj8883   \" data-lazy=\"1\">\n        <div  class=\"tb_text_wrap\">\n        <ol>\n<li>Formar os gestores de RH para reconhecerem precocemente as perturba\u00e7\u00f5es mentais e os riscos psicossociais.<\/li>\n<li>Fornecer aos profissionais das empresas estrat\u00e9gias para integrar as pessoas com problemas de sa\u00fade mental no trabalho, gerindo o seu regresso ap\u00f3s as aus\u00eancias.<\/li>\n<li>Fornecer conhecimentos b\u00e1sicos sobre as doen\u00e7as mentais e os seus efeitos no trabalho.<\/li>\n<li>Promover ambientes de trabalho saud\u00e1veis atrav\u00e9s de ferramentas e boas pr\u00e1ticas dispon\u00edveis para todo o pessoal da organiza\u00e7\u00e3o.<\/li>\n<li>Oferecer conhecimentos para colmatar a falta de compet\u00eancias no dom\u00ednio da sa\u00fade mental, adaptando-os \u00e0 realidade das empresas europeias.<\/li>\n<li>Compreender as caracter\u00edsticas b\u00e1sicas das doen\u00e7as mentais comuns e como lidar com elas no trabalho.<\/li>\n<li>Disponibilizar ferramentas digitais para que os gestores e os trabalhadores possam aceder a informa\u00e7\u00f5es sobre bem-estar e sa\u00fade mental no trabalho.<\/li>\n<li>Utilizar a tecnologia para fornecer literacia b\u00e1sica em sa\u00fade mental adaptada \u00e0s necessidades actuais das empresas europeias.<\/li>\n<\/ol>    <\/div>\n<\/div>\n<!-- \/module text -->        <\/div>\n                    <\/div>\n        <!-- module text -->\n<div  class=\"module module-text tb_8ar5321   \" data-lazy=\"1\">\n        <div  class=\"tb_text_wrap\">\n        <p>&#8220;Atrav\u00e9s do nosso projeto europeu cofinanciado pelo programa Erasmus+, esfor\u00e7amo-nos por atingir estes objectivos, oferecendo forma\u00e7\u00e3o abrangente, desenvolvendo solu\u00e7\u00f5es tecnol\u00f3gicas inovadoras e promovendo as melhores pr\u00e1ticas na gest\u00e3o da sa\u00fade mental.&#8221;<\/p>    <\/div>\n<\/div>\n<!-- \/module text -->        <\/div>\n                        <\/div>\n        <\/div>\n                        <div  data-lazy=\"1\" class=\"module_row themify_builder_row tb_36bn585 tf_w\">\n                        <div class=\"row_inner col_align_top tb_col_count_1 tf_box tf_rel\">\n                        <div  data-lazy=\"1\" class=\"module_column tb-column col-full tb_lp9s585 first\">\n                    <!-- module fancy heading -->\n<div  class=\"module module-fancy-heading tb_ut1a572  inline-fancy-heading tb_hide_divider\" data-lazy=\"1\">\n        <h1 class=\"fancy-heading\">\n    <span class=\"main-head tf_inline_b\">\n                    04            <\/span>\n\n    \n    <span class=\"sub-head tf_inline_b tf_rel\">\n                    -QUEM DESENVOLVE O MH4HRM? 04\t            <\/span>\n    <\/h1>\n<\/div>\n<!-- \/module fancy heading -->\n<!-- module divider -->\n<div  class=\"module tf_mw module-divider tb_38fo349 solid   \" style=\"border-width: 1px;border-color: #000;margin-top: -15px;\" data-lazy=\"1\">\n    <\/div>\n<!-- \/module divider -->\n        <div  data-lazy=\"1\" class=\"module_subrow themify_builder_sub_row tf_w col_align_top tb_col_count_1 tb_2rll800\">\n                <div  data-lazy=\"1\" class=\"module_column sub_column col-full tb_bldn800 first\">\n                    <!-- module text -->\n<div  class=\"module module-text tb_phnp676   \" data-lazy=\"1\">\n        <div  class=\"tb_text_wrap\">\n        <p>O projeto MH4HRM inclui 7 parceiros de 5 pa\u00edses diferentes, criando uma ponte europeia de conhecimento entre a Cro\u00e1cia, a Gr\u00e9cia, a It\u00e1lia, Portugal e Espanha.<\/p>    <\/div>\n<\/div>\n<!-- \/module text --><!-- module image -->\n<div  class=\"module module-image tb_ttas140 image-top   tf_mw\" data-lazy=\"1\">\n        <div class=\"image-wrap tf_rel tf_mw\">\n            <img loading=\"lazy\" decoding=\"async\" width=\"1102\" height=\"838\" src=\"https:\/\/mh4hrm.eu\/wp-content\/uploads\/2024\/06\/Screenshot_149.png\" class=\"wp-post-image wp-image-669\" title=\"Screenshot_149\" alt=\"Screenshot_149\" srcset=\"https:\/\/mh4hrm.eu\/wp-content\/uploads\/2024\/06\/Screenshot_149.png 1102w, https:\/\/mh4hrm.eu\/wp-content\/uploads\/2024\/06\/Screenshot_149-300x228.png 300w, https:\/\/mh4hrm.eu\/wp-content\/uploads\/2024\/06\/Screenshot_149-1024x779.png 1024w, https:\/\/mh4hrm.eu\/wp-content\/uploads\/2024\/06\/Screenshot_149-768x584.png 768w\" sizes=\"(max-width: 1102px) 100vw, 1102px\" \/>    \n        <\/div>\n    <!-- \/image-wrap -->\n    \n        <\/div>\n<!-- \/module image -->        <\/div>\n                    <\/div>\n                <\/div>\n                        <\/div>\n        <\/div>\n        <\/div>\n<!--\/themify_builder_content-->","protected":false},"excerpt":{"rendered":"<p>Na MH4HRM, dedicamo-nos a promover o bem-estar dos trabalhadores, capacitando os profissionais de RH com as compet\u00eancias necess\u00e1rias, as ferramentas tecnol\u00f3gicas e os conhecimentos essenciais para gerir eficazmente as quest\u00f5es de sa\u00fade mental em ambientes empresariais europeus.<\/p>\n","protected":false},"author":1,"featured_media":0,"parent":0,"menu_order":0,"comment_status":"closed","ping_status":"closed","template":"","meta":{"footnotes":""},"class_list":["post-832","page","type-page","status-publish","hentry","has-post-title","has-post-date","has-post-category","has-post-tag","has-post-comment","has-post-author",""],"builder_content":"<h1>SOBRE N\u00d3S <br\/><\/h1>\n\n<p style=\"text-align: center;\">Na MH4HRM, dedicamo-nos a promover o bem-estar dos trabalhadores, capacitando os profissionais de RH com as compet\u00eancias necess\u00e1rias, as ferramentas tecnol\u00f3gicas e os conhecimentos essenciais para gerir eficazmente as quest\u00f5es de sa\u00fade mental em ambientes empresariais europeus.<\/p>\n<h1>01<br\/>-QUAL \u00c9 A NOSSA MISS\u00c3O?<\/h1>\n\n<p>O MH4HMR visa promover o bem-estar dos funcion\u00e1rios atrav\u00e9s da forma\u00e7\u00e3o de profissionais de Recursos Humanos, proporcionando-lhes compet\u00eancias essenciais, ferramentas tecnol\u00f3gicas e conhecimentos para gerir quest\u00f5es de sa\u00fade mental em ambientes empresariais europeus. Como? Atrav\u00e9s da (1) identifica\u00e7\u00e3o e compara\u00e7\u00e3o de fatores-chave, ferramentas e melhores pr\u00e1ticas para compreender e gerir a sa\u00fade mental no trabalho (2) an\u00e1lise das compet\u00eancias t\u00e9cnicas e interpessoais essenciais a incorporar na aprendizagem dos profissionais de RH em mat\u00e9ria de sa\u00fade mental (3) desenvolvimento do Programa de e-learning para RH de 60 horas, com conte\u00fados pr\u00e1ticos e casos reais e material audiovisual digital e desenvolvimento de aplica\u00e7\u00f5es Web\/Mobile para uma aprendizagem melhor e mais f\u00e1cil.<\/p>\n<h1>02<br\/>-PORQUE \u00c9 QUE O MH4HRM \u00c9 RELEVANTE?<\/h1>\n\n<p>Durante a pandemia da COVID, a sa\u00fade mental da popula\u00e7\u00e3o foi severamente testada, particularmente no local de trabalho, onde o stress e o risco de depress\u00e3o aumentaram. Esta situa\u00e7\u00e3o suscitou discuss\u00f5es urgentes sobre como lidar com estas quest\u00f5es. O bem-estar hol\u00edstico dos funcion\u00e1rios \u00e9 crucial para o sucesso empresarial, e os profissionais de RH desempenham um papel fundamental na implementa\u00e7\u00e3o de iniciativas corporativas. Eles s\u00e3o respons\u00e1veis por avaliar os riscos psicossociais no trabalho e identificar \u00e1reas para o bem-estar corporativo. A gest\u00e3o desses riscos e do stress relacionado ao trabalho s\u00e3o desafios significativos na sa\u00fade e seguran\u00e7a ocupacional, exigindo forma\u00e7\u00e3o adequada para os gestores de RH. Para abordar essa quest\u00e3o, o MH4HRM, um projeto europeu cofinanciado pelo programa Erasmus+, desenvolver\u00e1 um programa abrangente de forma\u00e7\u00e3o e capacita\u00e7\u00e3o sobre gest\u00e3o da sa\u00fade mental nas empresas. Este programa estar\u00e1 dispon\u00edvel em uma plataforma MOOC aberta e ser\u00e1 criado por parceiros especialistas em psicologia do trabalho e organizacional.<\/p> <h2>QUEM PODE BENEFICIAR-SE DO MH4HRM<\/h2> <ul> <li>Diretores e gerentes de RH<\/li> <li>Gerentes de funcion\u00e1rios<\/li> <li>Empregadores, representantes dos trabalhadores<\/li> <li>Escolas e centros de forma\u00e7\u00e3o profissional para gestores<br>e gestores de recursos humanos<\/li> <li>Universidades<\/li> <li>Centros de forma\u00e7\u00e3o profissional de terceiro ciclo<\/li> <li>Centros p\u00fablicos ou privados especializados em Sa\u00fade Mental,<br>e especialmente aqueles dedicados \u00e0 Sa\u00fade Ocupacional.<br><br><\/li> <\/ul> <p>Tamb\u00e9m iremos visar associa\u00e7\u00f5es patronais e sindicatos a n\u00edvel regional e nacional em todos os pa\u00edses participantes, bem como ag\u00eancias de desenvolvimento local.<\/p>\n<h1>03<br\/>-QUAIS S\u00c3O OS NOSSOS OBJECTIVOS?<\/h1>\n\n<img src=\"https:\/\/mh4hrm.eu\/wp-content\/uploads\/2024\/06\/Frame.png\" title=\"Frame\" alt=\"Frame\" srcset=\"https:\/\/mh4hrm.eu\/wp-content\/uploads\/2024\/06\/Frame.png 276w, https:\/\/mh4hrm.eu\/wp-content\/uploads\/2024\/06\/Frame-151x300.png 151w\" sizes=\"(max-width: 276px) 100vw, 276px\" \/>\n<p>Objectivos gerais<\/p>\n<ol> <li>Fornecer os conhecimentos necess\u00e1rios para ultrapassar a falta de compet\u00eancias no dom\u00ednio da sa\u00fade mental.<\/li> <li>Compreender as caracter\u00edsticas da doen\u00e7a mental e o seu impacto no trabalho.<\/li> <li>Capacitar os profissionais de RH para gerir os problemas de sa\u00fade mental e promover o bem-estar dos trabalhadores.<\/li> <\/ol>\n<p style=\"text-align: left;\">Objectivos espec\u00edficos<\/p>\n<ol> <li>Formar os gestores de RH para reconhecerem precocemente as perturba\u00e7\u00f5es mentais e os riscos psicossociais.<\/li> <li>Fornecer aos profissionais das empresas estrat\u00e9gias para integrar as pessoas com problemas de sa\u00fade mental no trabalho, gerindo o seu regresso ap\u00f3s as aus\u00eancias.<\/li> <li>Fornecer conhecimentos b\u00e1sicos sobre as doen\u00e7as mentais e os seus efeitos no trabalho.<\/li> <li>Promover ambientes de trabalho saud\u00e1veis atrav\u00e9s de ferramentas e boas pr\u00e1ticas dispon\u00edveis para todo o pessoal da organiza\u00e7\u00e3o.<\/li> <li>Oferecer conhecimentos para colmatar a falta de compet\u00eancias no dom\u00ednio da sa\u00fade mental, adaptando-os \u00e0 realidade das empresas europeias.<\/li> <li>Compreender as caracter\u00edsticas b\u00e1sicas das doen\u00e7as mentais comuns e como lidar com elas no trabalho.<\/li> <li>Disponibilizar ferramentas digitais para que os gestores e os trabalhadores possam aceder a informa\u00e7\u00f5es sobre bem-estar e sa\u00fade mental no trabalho.<\/li> <li>Utilizar a tecnologia para fornecer literacia b\u00e1sica em sa\u00fade mental adaptada \u00e0s necessidades actuais das empresas europeias.<\/li> <\/ol>\n<p>\"Atrav\u00e9s do nosso projeto europeu cofinanciado pelo programa Erasmus+, esfor\u00e7amo-nos por atingir estes objectivos, oferecendo forma\u00e7\u00e3o abrangente, desenvolvendo solu\u00e7\u00f5es tecnol\u00f3gicas inovadoras e promovendo as melhores pr\u00e1ticas na gest\u00e3o da sa\u00fade mental.\"<\/p>\n<h1>04<br\/>-QUEM DESENVOLVE O MH4HRM? 04 <\/h1>\n\n<p>O projeto MH4HRM inclui 7 parceiros de 5 pa\u00edses diferentes, criando uma ponte europeia de conhecimento entre a Cro\u00e1cia, a Gr\u00e9cia, a It\u00e1lia, Portugal e Espanha.<\/p>\n<img src=\"https:\/\/mh4hrm.eu\/wp-content\/uploads\/2024\/06\/Screenshot_149.png\" title=\"Screenshot_149\" alt=\"Screenshot_149\" srcset=\"https:\/\/mh4hrm.eu\/wp-content\/uploads\/2024\/06\/Screenshot_149.png 1102w, https:\/\/mh4hrm.eu\/wp-content\/uploads\/2024\/06\/Screenshot_149-300x228.png 300w, https:\/\/mh4hrm.eu\/wp-content\/uploads\/2024\/06\/Screenshot_149-1024x779.png 1024w, https:\/\/mh4hrm.eu\/wp-content\/uploads\/2024\/06\/Screenshot_149-768x584.png 768w\" sizes=\"(max-width: 1102px) 100vw, 1102px\" \/>","_links":{"self":[{"href":"https:\/\/mh4hrm.eu\/pt-pt\/wp-json\/wp\/v2\/pages\/832"}],"collection":[{"href":"https:\/\/mh4hrm.eu\/pt-pt\/wp-json\/wp\/v2\/pages"}],"about":[{"href":"https:\/\/mh4hrm.eu\/pt-pt\/wp-json\/wp\/v2\/types\/page"}],"author":[{"embeddable":true,"href":"https:\/\/mh4hrm.eu\/pt-pt\/wp-json\/wp\/v2\/users\/1"}],"replies":[{"embeddable":true,"href":"https:\/\/mh4hrm.eu\/pt-pt\/wp-json\/wp\/v2\/comments?post=832"}],"version-history":[{"count":40,"href":"https:\/\/mh4hrm.eu\/pt-pt\/wp-json\/wp\/v2\/pages\/832\/revisions"}],"predecessor-version":[{"id":2347,"href":"https:\/\/mh4hrm.eu\/pt-pt\/wp-json\/wp\/v2\/pages\/832\/revisions\/2347"}],"wp:attachment":[{"href":"https:\/\/mh4hrm.eu\/pt-pt\/wp-json\/wp\/v2\/media?parent=832"}],"curies":[{"name":"wp","href":"https:\/\/api.w.org\/{rel}","templated":true}]}}